{"id":6367,"date":"2022-08-22T10:18:14","date_gmt":"2022-08-22T08:18:14","guid":{"rendered":"https:\/\/alladixital.org\/producto\/cultures-19-revista-asturiana-de-cultura\/"},"modified":"2022-08-22T10:18:14","modified_gmt":"2022-08-22T08:18:14","slug":"cultures-19-revista-asturiana-de-cultura","status":"publish","type":"product","link":"https:\/\/alladixital.org\/en\/producto\/cultures-19-revista-asturiana-de-cultura\/","title":{"rendered":"Cultures 19. Revista asturiana de cultura"},"content":{"rendered":"<p>Cultures. Revista Asturiana de Cultura\u00a0ye una publicaci\u00f3n editada pola Academia de la Llingua Asturiana que naz nel a\u00f1u 1990 col env\u00eds d\u2019asoleyar trabayos qu\u2019afonden nel estudiu de la etnograf\u00eda y l\u2019antropolox\u00eda d\u2019Asturies y, dacuando, d\u2019otres zones culturales.Cultures. Revista Asturiana de Cultura\u00a0ye una publicaci\u00f3n editada pola Academia de la Llingua Asturiana que naz nel a\u00f1u 1990 col env\u00eds d\u2019asoleyar trabayos qu\u2019afonden nel estudiu de la etnograf\u00eda y l\u2019antropolox\u00eda d\u2019Asturies y, dacuando, d\u2019otres zones culturales.Cultures. Revista Asturiana de Cultura\u00a0ye una publicaci\u00f3n editada pola Academia de la Llingua Asturiana que naz nel a\u00f1u 1990 col env\u00eds d\u2019asoleyar trabayos qu\u2019afonden nel estudiu de la etnograf\u00eda y l\u2019antropolox\u00eda d\u2019Asturies y, dacuando, d\u2019otres zones culturales.Cultures. Revista Asturiana de Cultura\u00a0ye una publicaci\u00f3n editada pola Academia de la Llingua Asturiana que naz nel a\u00f1u 1990 col env\u00eds d\u2019asoleyar trabayos qu\u2019afonden nel estudiu de la etnograf\u00eda y l\u2019antropolox\u00eda d\u2019Asturies y, dacuando, d\u2019otres zones culturales.Cultures. Revista Asturiana de Cultura\u00a0ye una publicaci\u00f3n editada pola Academia de la Llingua Asturiana que naz nel a\u00f1u 1990 col env\u00eds d\u2019asoleyar trabayos qu\u2019afonden nel estudiu de la etnograf\u00eda y l\u2019antropolox\u00eda d\u2019Asturies y, dacuando, d\u2019otres zones culturales.Cultures. Revista Asturiana de Cultura\u00a0ye una publicaci\u00f3n editada pola Academia de la Llingua Asturiana que naz nel a\u00f1u 1990 col env\u00eds d\u2019asoleyar trabayos qu\u2019afonden nel estudiu de la etnograf\u00eda y l\u2019antropolox\u00eda d\u2019Asturies y, dacuando, d\u2019otres zones culturales.Cultures. Revista Asturiana de Cultura\u00a0ye una publicaci\u00f3n editada pola Academia de la Llingua Asturiana que naz nel a\u00f1u 1990 col env\u00eds d\u2019asoleyar trabayos qu\u2019afonden nel estudiu de la etnograf\u00eda y l\u2019antropolox\u00eda d\u2019Asturies y, dacuando, d\u2019otres zones culturales.Cultures. Revista Asturiana de Cultura\u00a0ye una publicaci\u00f3n editada pola Academia de la Llingua Asturiana que naz nel a\u00f1u 1990 col env\u00eds d\u2019asoleyar trabayos qu\u2019afonden nel estudiu de la etnograf\u00eda y l\u2019antropolox\u00eda d\u2019Asturies y, dacuando, d\u2019otres zones culturales.Cultures. Revista Asturiana de Cultura\u00a0ye una publicaci\u00f3n editada pola Academia de la Llingua Asturiana que naz nel a\u00f1u 1990 col env\u00eds d\u2019asoleyar trabayos qu\u2019afonden nel estudiu de la etnograf\u00eda y l\u2019antropolox\u00eda d\u2019Asturies y, dacuando, d\u2019otres zones culturales.Cultures. Revista Asturiana de Cultura\u00a0ye una publicaci\u00f3n editada pola Academia de la Llingua Asturiana que naz nel a\u00f1u 1990 col env\u00eds d\u2019asoleyar trabayos qu\u2019afonden nel estudiu de la etnograf\u00eda y l\u2019antropolox\u00eda d\u2019Asturies y, dacuando, d\u2019otres zones culturales.Cultures. Revista Asturiana de Cultura\u00a0ye una publicaci\u00f3n editada pola Academia de la Llingua Asturiana que naz nel a\u00f1u 1990 col env\u00eds d\u2019asoleyar trabayos qu\u2019afonden nel estudiu de la etnograf\u00eda y l\u2019antropolox\u00eda d\u2019Asturies y, dacuando, d\u2019otres zones culturales.Cultures. Revista Asturiana de Cultura\u00a0ye una publicaci\u00f3n editada pola Academia de la Llingua Asturiana que naz nel a\u00f1u 1990 col env\u00eds d\u2019asoleyar trabayos qu\u2019afonden nel estudiu de la etnograf\u00eda y l\u2019antropolox\u00eda d\u2019Asturies y, dacuando, d\u2019otres zones culturales.Cultures. Revista Asturiana de Cultura\u00a0ye una publicaci\u00f3n editada pola Academia de la Llingua Asturiana que naz nel a\u00f1u 1990 col env\u00eds d\u2019asoleyar trabayos qu\u2019afonden nel estudiu de la etnograf\u00eda y l\u2019antropolox\u00eda d\u2019Asturies y, dacuando, d\u2019otres zones culturales.Cultures. Revista Asturiana de Cultura\u00a0ye una publicaci\u00f3n editada pola Academia de la Llingua Asturiana que naz nel a\u00f1u 1990 col env\u00eds d\u2019asoleyar trabayos qu\u2019afonden nel estudiu de la etnograf\u00eda y l\u2019antropolox\u00eda d\u2019Asturies y, dacuando, d\u2019otres zones culturales.Cultures. Revista Asturiana de Cultura\u00a0ye una publicaci\u00f3n editada pola Academia de la Llingua Asturiana que naz nel a\u00f1u 1990 col env\u00eds d\u2019asoleyar trabayos qu\u2019afonden nel estudiu de la etnograf\u00eda y l\u2019antropolox\u00eda d\u2019Asturies y, dacuando, d\u2019otres zones culturales.Cultures. Revista Asturiana de Cultura\u00a0ye una publicaci\u00f3n editada pola Academia de la Llingua Asturiana que naz nel a\u00f1u 1990 col env\u00eds d\u2019asoleyar trabayos qu\u2019afonden nel estudiu de la etnograf\u00eda y l\u2019antropolox\u00eda d\u2019Asturies y, dacuando, d\u2019otres zones culturales.Cultures. Revista Asturiana de Cultura\u00a0ye una publicaci\u00f3n editada pola Academia de la Llingua Asturiana que naz nel a\u00f1u 1990 col env\u00eds d\u2019asoleyar trabayos qu\u2019afonden nel estudiu de la etnograf\u00eda y l\u2019antropolox\u00eda d\u2019Asturies y, dacuando, d\u2019otres zones culturales.Cultures. Revista Asturiana de Cultura\u00a0ye una publicaci\u00f3n editada pola Academia de la Llingua Asturiana que naz nel a\u00f1u 1990 col env\u00eds d\u2019asoleyar trabayos qu\u2019afonden nel estudiu de la etnograf\u00eda y l\u2019antropolox\u00eda d\u2019Asturies y, dacuando, d\u2019otres zones culturales.Cultures. Revista Asturiana de Cultura\u00a0ye una publicaci\u00f3n editada pola Academia de la Llingua Asturiana que naz nel a\u00f1u 1990 col env\u00eds d\u2019asoleyar trabayos qu\u2019afonden nel estudiu de la etnograf\u00eda y l\u2019antropolox\u00eda d\u2019Asturies y, dacuando, d\u2019otres zones culturales.Cultures. Revista Asturiana de Cultura\u00a0ye una publicaci\u00f3n editada pola Academia de la Llingua Asturiana que naz nel a\u00f1u 1990 col env\u00eds d\u2019asoleyar trabayos qu\u2019afonden nel estudiu de la etnograf\u00eda y l\u2019antropolox\u00eda d\u2019Asturies y, dacuando, d\u2019otres zones culturales.Cultures. Revista Asturiana de Cultura\u00a0ye una publicaci\u00f3n editada pola Academia de la Llingua Asturiana que naz nel a\u00f1u 1990 col env\u00eds d\u2019asoleyar trabayos qu\u2019afonden nel estudiu de la etnograf\u00eda y l\u2019antropolox\u00eda d\u2019Asturies y, dacuando, d\u2019otres zones culturales.Cultures. Revista Asturiana de Cultura\u00a0ye una publicaci\u00f3n editada pola Academia de la Llingua Asturiana que naz nel a\u00f1u 1990 col env\u00eds d\u2019asoleyar trabayos qu\u2019afonden nel estudiu de la etnograf\u00eda y l\u2019antropolox\u00eda d\u2019Asturies y, dacuando, d\u2019otres zones culturales.Cultures. Revista Asturiana de Cultura\u00a0ye una publicaci\u00f3n editada pola Academia de la Llingua Asturiana que naz nel a\u00f1u 1990 col env\u00eds d\u2019asoleyar trabayos qu\u2019afonden nel estudiu de la etnograf\u00eda y l\u2019antropolox\u00eda d\u2019Asturies y, dacuando, d\u2019otres zones culturales.Cultures. Revista Asturiana de Cultura\u00a0ye una publicaci\u00f3n editada pola Academia de la Llingua Asturiana que naz nel a\u00f1u 1990 col env\u00eds d\u2019asoleyar trabayos qu\u2019afonden nel estudiu de la etnograf\u00eda y l\u2019antropolox\u00eda d\u2019Asturies y, dacuando, d\u2019otres zones culturales.Cultures. Revista Asturiana de Cultura\u00a0ye una publicaci\u00f3n editada pola Academia de la Llingua Asturiana que naz nel a\u00f1u 1990 col env\u00eds d\u2019asoleyar trabayos qu\u2019afonden nel estudiu de la etnograf\u00eda y l\u2019antropolox\u00eda d\u2019Asturies y, dacuando, d\u2019otres zones culturales.Cultures. Revista Asturiana de Cultura\u00a0ye una publicaci\u00f3n editada pola Academia de la Llingua Asturiana que naz nel a\u00f1u 1990 col env\u00eds d\u2019asoleyar trabayos qu\u2019afonden nel estudiu de la etnograf\u00eda y l\u2019antropolox\u00eda d\u2019Asturies y, dacuando, d\u2019otres zones culturales.Cultures. Revista Asturiana de Cultura\u00a0ye una publicaci\u00f3n editada pola Academia de la Llingua Asturiana que naz nel a\u00f1u 1990 col env\u00eds d\u2019asoleyar trabayos qu\u2019afonden nel estudiu de la etnograf\u00eda y l\u2019antropolox\u00eda d\u2019Asturies y, dacuando, d\u2019otres zones culturales.Cultures. Revista Asturiana de Cultura\u00a0ye una publicaci\u00f3n editada pola Academia de la Llingua Asturiana que naz nel a\u00f1u 1990 col env\u00eds d\u2019asoleyar trabayos qu\u2019afonden nel estudiu de la etnograf\u00eda y l\u2019antropolox\u00eda d\u2019Asturies y, dacuando, d\u2019otres zones culturales.Cultures. Revista Asturiana de Cultura\u00a0ye una publicaci\u00f3n editada pola Academia de la Llingua Asturiana que naz nel a\u00f1u 1990 col env\u00eds d\u2019asoleyar trabayos qu\u2019afonden nel estudiu de la etnograf\u00eda y l\u2019antropolox\u00eda d\u2019Asturies y, dacuando, d\u2019otres zones culturales.Cultures. Revista Asturiana de Cultura\u00a0ye una publicaci\u00f3n editada pola Academia de la Llingua Asturiana que naz nel a\u00f1u 1990 col env\u00eds d\u2019asoleyar trabayos qu\u2019afonden nel estudiu de la etnograf\u00eda y l\u2019antropolox\u00eda d\u2019Asturies y, dacuando, d\u2019otres zones culturales.Cultures. Revista Asturiana de Cultura\u00a0ye una publicaci\u00f3n editada pola Academia de la Llingua Asturiana que naz nel a\u00f1u 1990 col env\u00eds d\u2019asoleyar trabayos qu\u2019afonden nel estudiu de la etnograf\u00eda y l\u2019antropolox\u00eda d\u2019Asturies y, dacuando, d\u2019otres zones culturales.Cultures. Revista Asturiana de Cultura\u00a0ye una publicaci\u00f3n editada pola Academia de la Llingua Asturiana que naz nel a\u00f1u 1990 col env\u00eds d\u2019asoleyar trabayos qu\u2019afonden nel estudiu de la etnograf\u00eda y l\u2019antropolox\u00eda d\u2019Asturies y, dacuando, d\u2019otres zones culturales.Cultures. Revista Asturiana de Cultura\u00a0ye una publicaci\u00f3n editada pola Academia de la Llingua Asturiana que naz nel a\u00f1u 1990 col env\u00eds d\u2019asoleyar trabayos qu\u2019afonden nel estudiu de la etnograf\u00eda y l\u2019antropolox\u00eda d\u2019Asturies y, dacuando, d\u2019otres zones culturales.Cultures. Revista Asturiana de Cultura\u00a0ye una publicaci\u00f3n editada pola Academia de la Llingua Asturiana que naz nel a\u00f1u 1990 col env\u00eds d\u2019asoleyar trabayos qu\u2019afonden nel estudiu de la etnograf\u00eda y l\u2019antropolox\u00eda d\u2019Asturies y, dacuando, d\u2019otres zones culturales.Cultures. Revista Asturiana de Cultura\u00a0ye una publicaci\u00f3n editada pola Academia de la Llingua Asturiana que naz nel a\u00f1u 1990 col env\u00eds d\u2019asoleyar trabayos qu\u2019afonden nel estudiu de la etnograf\u00eda y l\u2019antropolox\u00eda d\u2019Asturies y, dacuando, d\u2019otres zones culturales.Cultures. Revista Asturiana de Cultura\u00a0ye una publicaci\u00f3n editada pola Academia de la Llingua Asturiana que naz nel a\u00f1u 1990 col env\u00eds d\u2019asoleyar trabayos qu\u2019afonden nel estudiu de la etnograf\u00eda y l\u2019antropolox\u00eda d\u2019Asturies y, dacuando, d\u2019otres zones culturales.Cultures. Revista Asturiana de Cultura\u00a0ye una publicaci\u00f3n editada pola Academia de la Llingua Asturiana que naz nel a\u00f1u 1990 col env\u00eds d\u2019asoleyar trabayos qu\u2019afonden nel estudiu de la etnograf\u00eda y l\u2019antropolox\u00eda d\u2019Asturies y, dacuando, d\u2019otres zones culturales.Cultures. Revista Asturiana de Cultura\u00a0ye una publicaci\u00f3n editada pola Academia de la Llingua Asturiana que naz nel a\u00f1u 1990 col env\u00eds d\u2019asoleyar trabayos qu\u2019afonden nel estudiu de la etnograf\u00eda y l\u2019antropolox\u00eda d\u2019Asturies y, dacuando, d\u2019otres zones culturales.Cultures. Revista Asturiana de Cultura\u00a0ye una publicaci\u00f3n editada pola Academia de la Llingua Asturiana que naz nel a\u00f1u 1990 col env\u00eds d\u2019asoleyar trabayos qu\u2019afonden nel estudiu de la etnograf\u00eda y l\u2019antropolox\u00eda d\u2019Asturies y, dacuando, d\u2019otres zones culturales.Cultures. Revista Asturiana de Cultura\u00a0ye una publicaci\u00f3n editada pola Academia de la Llingua Asturiana que naz nel a\u00f1u 1990 col env\u00eds d\u2019asoleyar trabayos qu\u2019afonden nel estudiu de la etnograf\u00eda y l\u2019antropolox\u00eda d\u2019Asturies y, dacuando, d\u2019otres zones culturales.Cultures. Revista Asturiana de Cultura\u00a0ye una publicaci\u00f3n editada pola Academia de la Llingua Asturiana que naz nel a\u00f1u 1990 col env\u00eds d\u2019asoleyar trabayos qu\u2019afonden nel estudiu de la etnograf\u00eda y l\u2019antropolox\u00eda d\u2019Asturies y, dacuando, d\u2019otres zones culturales.Cultures. Revista Asturiana de Cultura\u00a0ye una publicaci\u00f3n editada pola Academia de la Llingua Asturiana que naz nel a\u00f1u 1990 col env\u00eds d\u2019asoleyar trabayos qu\u2019afonden nel estudiu de la etnograf\u00eda y l\u2019antropolox\u00eda d\u2019Asturies y, dacuando, d\u2019otres zones culturales.Cultures. Revista Asturiana de Cultura\u00a0ye una publicaci\u00f3n editada pola Academia de la Llingua Asturiana que naz nel a\u00f1u 1990 col env\u00eds d\u2019asoleyar trabayos qu\u2019afonden nel estudiu de la etnograf\u00eda y l\u2019antropolox\u00eda d\u2019Asturies y, dacuando, d\u2019otres zones culturales.Cultures. Revista Asturiana de Cultura\u00a0ye una publicaci\u00f3n editada pola Academia de la Llingua Asturiana que naz nel a\u00f1u 1990 col env\u00eds d\u2019asoleyar trabayos qu\u2019afonden nel estudiu de la etnograf\u00eda y l\u2019antropolox\u00eda d\u2019Asturies y, dacuando, d\u2019otres zones culturales.Cultures. Revista Asturiana de Cultura\u00a0ye una publicaci\u00f3n editada pola Academia de la Llingua Asturiana que naz nel a\u00f1u 1990 col env\u00eds d\u2019asoleyar trabayos qu\u2019afonden nel estudiu de la etnograf\u00eda y l\u2019antropolox\u00eda d\u2019Asturies y, dacuando, d\u2019otres zones culturales.Cultures. Revista Asturiana de Cultura\u00a0ye una publicaci\u00f3n editada pola Academia de la Llingua Asturiana que naz nel a\u00f1u 1990 col env\u00eds d\u2019asoleyar trabayos qu\u2019afonden nel estudiu de la etnograf\u00eda y l\u2019antropolox\u00eda d\u2019Asturies y, dacuando, d\u2019otres zones culturales.Cultures. Revista Asturiana de Cultura\u00a0ye una publicaci\u00f3n editada pola Academia de la Llingua Asturiana que naz nel a\u00f1u 1990 col env\u00eds d\u2019asoleyar trabayos qu\u2019afonden nel estudiu de la etnograf\u00eda y l\u2019antropolox\u00eda d\u2019Asturies y, dacuando, d\u2019otres zones culturales.Cultures. Revista Asturiana de Cultura\u00a0ye una publicaci\u00f3n editada pola Academia de la Llingua Asturiana que naz nel a\u00f1u 1990 col env\u00eds d\u2019asoleyar trabayos qu\u2019afonden nel estudiu de la etnograf\u00eda y l\u2019antropolox\u00eda d\u2019Asturies y, dacuando, d\u2019otres zones culturales.<br \/>\n<script><\/script><\/p>\n","protected":false},"excerpt":{"rendered":"<p>Cultures. Revista Asturiana de Cultura\u00a0ye una publicaci\u00f3n editada pola Academia de la Llingua Asturiana que naz nel a\u00f1u 1990 col env\u00eds d\u2019asoleyar trabayos qu\u2019afonden nel estudiu de la etnograf\u00eda y &hellip; <\/p>\n<p class=\"link-more\"><a href=\"https:\/\/alladixital.org\/en\/producto\/cultures-19-revista-asturiana-de-cultura\/\" class=\"more-link\">Continue reading<span class=\"screen-reader-text\"> &#8220;Cultures 19. Revista asturiana de cultura&#8221;<\/span><\/a><\/p>\n","protected":false},"featured_media":6345,"comment_status":"closed","ping_status":"closed","template":"","meta":{"_acf_changed":false},"product_brand":[],"product_cat":[540],"product_tag":[],"class_list":{"0":"post-6367","1":"product","2":"type-product","3":"status-publish","4":"has-post-thumbnail","6":"product_cat-cultures","7":"pa_anu-593","8":"pa_autor-alla","9":"pa_editorial-alla","10":"pa_idioma-asturianu","12":"first","13":"instock","14":"shipping-taxable","15":"product-type-simple"},"acf":[],"yoast_head":"<!-- This site is optimized with the Yoast SEO plugin v26.7 - https:\/\/yoast.com\/wordpress\/plugins\/seo\/ -->\n<title>Cultures 19. Revista asturiana de cultura - Academia de la Llingua Asturiana<\/title>\n<meta name=\"robots\" content=\"index, follow, max-snippet:-1, max-image-preview:large, max-video-preview:-1\" \/>\n<link rel=\"canonical\" href=\"https:\/\/alladixital.org\/producto\/cultures-19-revista-asturiana-de-cultura\/\" \/>\n<meta property=\"og:locale\" content=\"en_US\" \/>\n<meta property=\"og:type\" content=\"article\" \/>\n<meta property=\"og:title\" content=\"Cultures 19. Revista asturiana de cultura - Academia de la Llingua Asturiana\" \/>\n<meta property=\"og:description\" content=\"Cultures. Revista Asturiana de Cultura\u00a0ye una publicaci\u00f3n editada pola Academia de la Llingua Asturiana que naz nel a\u00f1u 1990 col env\u00eds d\u2019asoleyar trabayos qu\u2019afonden nel estudiu de la etnograf\u00eda y &hellip; Continue reading &quot;Cultures 19. Revista asturiana de cultura&quot;\" \/>\n<meta property=\"og:url\" content=\"https:\/\/alladixital.org\/producto\/cultures-19-revista-asturiana-de-cultura\/\" \/>\n<meta property=\"og:site_name\" content=\"Academia de la Llingua Asturiana\" \/>\n<meta property=\"article:publisher\" content=\"https:\/\/www.facebook.com\/AcademiadelaLlinguaAsturiana\/\" \/>\n<meta property=\"og:image\" content=\"https:\/\/alladixital.org\/wp-content\/uploads\/2022\/08\/logo_LLINGUA_280_V3-1.jpg\" \/>\n\t<meta property=\"og:image:width\" content=\"1064\" \/>\n\t<meta property=\"og:image:height\" content=\"1096\" \/>\n\t<meta property=\"og:image:type\" content=\"image\/jpeg\" \/>\n<meta name=\"twitter:card\" content=\"summary_large_image\" \/>\n<meta name=\"twitter:site\" content=\"@ALLA_ast\" \/>\n<script type=\"application\/ld+json\" class=\"yoast-schema-graph\">{\"@context\":\"https:\/\/schema.org\",\"@graph\":[{\"@type\":\"WebPage\",\"@id\":\"https:\/\/alladixital.org\/producto\/cultures-19-revista-asturiana-de-cultura\/\",\"url\":\"https:\/\/alladixital.org\/producto\/cultures-19-revista-asturiana-de-cultura\/\",\"name\":\"Cultures 19. Revista asturiana de cultura - Academia de la Llingua Asturiana\",\"isPartOf\":{\"@id\":\"https:\/\/alladixital.org\/#website\"},\"primaryImageOfPage\":{\"@id\":\"https:\/\/alladixital.org\/producto\/cultures-19-revista-asturiana-de-cultura\/#primaryimage\"},\"image\":{\"@id\":\"https:\/\/alladixital.org\/producto\/cultures-19-revista-asturiana-de-cultura\/#primaryimage\"},\"thumbnailUrl\":\"https:\/\/alladixital.org\/wp-content\/uploads\/2022\/08\/cultures.png\",\"datePublished\":\"2022-08-22T08:18:14+00:00\",\"breadcrumb\":{\"@id\":\"https:\/\/alladixital.org\/producto\/cultures-19-revista-asturiana-de-cultura\/#breadcrumb\"},\"inLanguage\":\"en-US\",\"potentialAction\":[{\"@type\":\"ReadAction\",\"target\":[\"https:\/\/alladixital.org\/producto\/cultures-19-revista-asturiana-de-cultura\/\"]}]},{\"@type\":\"ImageObject\",\"inLanguage\":\"en-US\",\"@id\":\"https:\/\/alladixital.org\/producto\/cultures-19-revista-asturiana-de-cultura\/#primaryimage\",\"url\":\"https:\/\/alladixital.org\/wp-content\/uploads\/2022\/08\/cultures.png\",\"contentUrl\":\"https:\/\/alladixital.org\/wp-content\/uploads\/2022\/08\/cultures.png\",\"width\":740,\"height\":740},{\"@type\":\"BreadcrumbList\",\"@id\":\"https:\/\/alladixital.org\/producto\/cultures-19-revista-asturiana-de-cultura\/#breadcrumb\",\"itemListElement\":[{\"@type\":\"ListItem\",\"position\":1,\"name\":\"Portada\",\"item\":\"https:\/\/alladixital.org\/\"},{\"@type\":\"ListItem\",\"position\":2,\"name\":\"Shop\",\"item\":\"https:\/\/alladixital.org\/en\/shop\/\"},{\"@type\":\"ListItem\",\"position\":3,\"name\":\"Cultures 19. Revista asturiana de cultura\"}]},{\"@type\":\"WebSite\",\"@id\":\"https:\/\/alladixital.org\/#website\",\"url\":\"https:\/\/alladixital.org\/\",\"name\":\"Academia de la Llingua Asturiana\",\"description\":\"ALLA\",\"publisher\":{\"@id\":\"https:\/\/alladixital.org\/#organization\"},\"potentialAction\":[{\"@type\":\"SearchAction\",\"target\":{\"@type\":\"EntryPoint\",\"urlTemplate\":\"https:\/\/alladixital.org\/?s={search_term_string}\"},\"query-input\":{\"@type\":\"PropertyValueSpecification\",\"valueRequired\":true,\"valueName\":\"search_term_string\"}}],\"inLanguage\":\"en-US\"},{\"@type\":\"Organization\",\"@id\":\"https:\/\/alladixital.org\/#organization\",\"name\":\"Academia de la Llingua Asturiana\",\"url\":\"https:\/\/alladixital.org\/\",\"logo\":{\"@type\":\"ImageObject\",\"inLanguage\":\"en-US\",\"@id\":\"https:\/\/alladixital.org\/#\/schema\/logo\/image\/\",\"url\":\"https:\/\/alladixital.org\/wp-content\/uploads\/2022\/08\/logo_LLINGUA_280_V3.jpg\",\"contentUrl\":\"https:\/\/alladixital.org\/wp-content\/uploads\/2022\/08\/logo_LLINGUA_280_V3.jpg\",\"width\":1064,\"height\":1096,\"caption\":\"Academia de la Llingua Asturiana\"},\"image\":{\"@id\":\"https:\/\/alladixital.org\/#\/schema\/logo\/image\/\"},\"sameAs\":[\"https:\/\/www.facebook.com\/AcademiadelaLlinguaAsturiana\/\",\"https:\/\/x.com\/ALLA_ast\"]}]}<\/script>\n<!-- \/ Yoast SEO plugin. -->","yoast_head_json":{"title":"Cultures 19. Revista asturiana de cultura - Academia de la Llingua Asturiana","robots":{"index":"index","follow":"follow","max-snippet":"max-snippet:-1","max-image-preview":"max-image-preview:large","max-video-preview":"max-video-preview:-1"},"canonical":"https:\/\/alladixital.org\/producto\/cultures-19-revista-asturiana-de-cultura\/","og_locale":"en_US","og_type":"article","og_title":"Cultures 19. Revista asturiana de cultura - Academia de la Llingua Asturiana","og_description":"Cultures. Revista Asturiana de Cultura\u00a0ye una publicaci\u00f3n editada pola Academia de la Llingua Asturiana que naz nel a\u00f1u 1990 col env\u00eds d\u2019asoleyar trabayos qu\u2019afonden nel estudiu de la etnograf\u00eda y &hellip; Continue reading \"Cultures 19. Revista asturiana de cultura\"","og_url":"https:\/\/alladixital.org\/producto\/cultures-19-revista-asturiana-de-cultura\/","og_site_name":"Academia de la Llingua Asturiana","article_publisher":"https:\/\/www.facebook.com\/AcademiadelaLlinguaAsturiana\/","og_image":[{"width":1064,"height":1096,"url":"https:\/\/alladixital.org\/wp-content\/uploads\/2022\/08\/logo_LLINGUA_280_V3-1.jpg","type":"image\/jpeg"}],"twitter_card":"summary_large_image","twitter_site":"@ALLA_ast","schema":{"@context":"https:\/\/schema.org","@graph":[{"@type":"WebPage","@id":"https:\/\/alladixital.org\/producto\/cultures-19-revista-asturiana-de-cultura\/","url":"https:\/\/alladixital.org\/producto\/cultures-19-revista-asturiana-de-cultura\/","name":"Cultures 19. Revista asturiana de cultura - Academia de la Llingua Asturiana","isPartOf":{"@id":"https:\/\/alladixital.org\/#website"},"primaryImageOfPage":{"@id":"https:\/\/alladixital.org\/producto\/cultures-19-revista-asturiana-de-cultura\/#primaryimage"},"image":{"@id":"https:\/\/alladixital.org\/producto\/cultures-19-revista-asturiana-de-cultura\/#primaryimage"},"thumbnailUrl":"https:\/\/alladixital.org\/wp-content\/uploads\/2022\/08\/cultures.png","datePublished":"2022-08-22T08:18:14+00:00","breadcrumb":{"@id":"https:\/\/alladixital.org\/producto\/cultures-19-revista-asturiana-de-cultura\/#breadcrumb"},"inLanguage":"en-US","potentialAction":[{"@type":"ReadAction","target":["https:\/\/alladixital.org\/producto\/cultures-19-revista-asturiana-de-cultura\/"]}]},{"@type":"ImageObject","inLanguage":"en-US","@id":"https:\/\/alladixital.org\/producto\/cultures-19-revista-asturiana-de-cultura\/#primaryimage","url":"https:\/\/alladixital.org\/wp-content\/uploads\/2022\/08\/cultures.png","contentUrl":"https:\/\/alladixital.org\/wp-content\/uploads\/2022\/08\/cultures.png","width":740,"height":740},{"@type":"BreadcrumbList","@id":"https:\/\/alladixital.org\/producto\/cultures-19-revista-asturiana-de-cultura\/#breadcrumb","itemListElement":[{"@type":"ListItem","position":1,"name":"Portada","item":"https:\/\/alladixital.org\/"},{"@type":"ListItem","position":2,"name":"Shop","item":"https:\/\/alladixital.org\/en\/shop\/"},{"@type":"ListItem","position":3,"name":"Cultures 19. Revista asturiana de cultura"}]},{"@type":"WebSite","@id":"https:\/\/alladixital.org\/#website","url":"https:\/\/alladixital.org\/","name":"Academia de la Llingua Asturiana","description":"ALLA","publisher":{"@id":"https:\/\/alladixital.org\/#organization"},"potentialAction":[{"@type":"SearchAction","target":{"@type":"EntryPoint","urlTemplate":"https:\/\/alladixital.org\/?s={search_term_string}"},"query-input":{"@type":"PropertyValueSpecification","valueRequired":true,"valueName":"search_term_string"}}],"inLanguage":"en-US"},{"@type":"Organization","@id":"https:\/\/alladixital.org\/#organization","name":"Academia de la Llingua Asturiana","url":"https:\/\/alladixital.org\/","logo":{"@type":"ImageObject","inLanguage":"en-US","@id":"https:\/\/alladixital.org\/#\/schema\/logo\/image\/","url":"https:\/\/alladixital.org\/wp-content\/uploads\/2022\/08\/logo_LLINGUA_280_V3.jpg","contentUrl":"https:\/\/alladixital.org\/wp-content\/uploads\/2022\/08\/logo_LLINGUA_280_V3.jpg","width":1064,"height":1096,"caption":"Academia de la Llingua Asturiana"},"image":{"@id":"https:\/\/alladixital.org\/#\/schema\/logo\/image\/"},"sameAs":["https:\/\/www.facebook.com\/AcademiadelaLlinguaAsturiana\/","https:\/\/x.com\/ALLA_ast"]}]}},"brizy_media":[],"_links":{"self":[{"href":"https:\/\/alladixital.org\/en\/wp-json\/wp\/v2\/product\/6367","targetHints":{"allow":["GET"]}}],"collection":[{"href":"https:\/\/alladixital.org\/en\/wp-json\/wp\/v2\/product"}],"about":[{"href":"https:\/\/alladixital.org\/en\/wp-json\/wp\/v2\/types\/product"}],"replies":[{"embeddable":true,"href":"https:\/\/alladixital.org\/en\/wp-json\/wp\/v2\/comments?post=6367"}],"wp:featuredmedia":[{"embeddable":true,"href":"https:\/\/alladixital.org\/en\/wp-json\/wp\/v2\/media\/6345"}],"wp:attachment":[{"href":"https:\/\/alladixital.org\/en\/wp-json\/wp\/v2\/media?parent=6367"}],"wp:term":[{"taxonomy":"product_brand","embeddable":true,"href":"https:\/\/alladixital.org\/en\/wp-json\/wp\/v2\/product_brand?post=6367"},{"taxonomy":"product_cat","embeddable":true,"href":"https:\/\/alladixital.org\/en\/wp-json\/wp\/v2\/product_cat?post=6367"},{"taxonomy":"product_tag","embeddable":true,"href":"https:\/\/alladixital.org\/en\/wp-json\/wp\/v2\/product_tag?post=6367"}],"curies":[{"name":"wp","href":"https:\/\/api.w.org\/{rel}","templated":true}]}}