{"id":39763,"date":"2025-09-29T17:48:35","date_gmt":"2025-09-29T15:48:35","guid":{"rendered":"https:\/\/alladixital.org\/xliii-xornaes-internacionales-destudiu\/"},"modified":"2026-09-04T11:12:27","modified_gmt":"2026-09-04T09:12:27","slug":"cifca","status":"publish","type":"page","link":"https:\/\/alladixital.org\/eon\/cifca\/","title":{"rendered":"XLIII Xornaes Internaciones d&#8217;Estudiu"},"content":{"rendered":"<div class=\"brz brz-root__container brz-reset-all brz-root__container-page\" >\n<section id=\"bmbbeiwjxvgemkxbvogjgxgtwlpuqrlomhwk_bmbbeiwjxvgemkxbvogjgxgtwlpuqrlomhwk\" class=\"brz-section brz-css-d-section brz-css-uzxi84\">\n<div class=\"brz-section__content brz-section--boxed brz-css-d-sectionitem-bg brz-css-14dtdee\" data-brz-custom-id=\"rwtilmmekhzwrexgljxvhosismmasxdkyvpv\">\n<div class=\"brz-bg\">\n<div class=\"brz-bg-image\"><\/div>\n<div class=\"brz-bg-color\"><\/div>\n<\/div>\n<div class=\"brz-container brz-css-d-sectionitem-container brz-css-u1g8h8\">\n<div id=\"\" class=\"brz-css-d-wrapper brz-css-1ewrlno brz-wrapper\">\n<div class=\"brz-rich-text brz-rich-text__custom brz-css-d-richtext brz-css-kieifu\" data-brz-custom-id=\"ezxwmujhwkrinvocqctorbeuxukldwwvmlvn\">\n<div data-brz-translate-text=\"1\">\n<p class=\"brz-mb-lg-0 brz-tp-lg-empty brz-ff-playfair_display brz-ft-google brz-fs-lg-50 brz-fss-lg-px brz-fw-lg-900 brz-ls-lg-m_1_5 brz-lh-lg-1_3 brz-text-lg-center brz-css-yDyi1\" data-uniq-id=\"hhBh2\" data-generated-css=\"brz-css-m6Xww\"><span style=\"text-shadow: rgba(28, 28, 28, 0) 0px 0px 0px;\" class=\"brz-cp-color3 brz-capitalize-on\">XLIV Congresu Internacional de Filolox\u00eda y Cultura asturianes (CIFCA)<\/span><\/p>\n<p class=\"brz-mb-lg-0 brz-text-lg-center brz-tp-lg-empty brz-ff-playfair_display brz-ft-google brz-fs-lg-30 brz-fss-lg-px brz-fw-lg-900 brz-ls-lg-m_1_5 brz-lh-lg-1_3 brz-vfw-lg-400 brz-fwdth-lg-100 brz-fsft-lg-0 brz-css-tXc1Z\" data-uniq-id=\"j0jsz\" data-generated-css=\"brz-css-lpA1W\"><span style=\"text-shadow: rgba(28, 28, 28, 0) 0px 0px 0px;\" class=\"brz-cp-color3 brz-capitalize-on\">[Antig\u00fces xornaes internacionales d&#8217;estudiu] <\/span><\/p>\n<\/div>\n<\/div>\n<\/div>\n<div id=\"\" class=\"brz-css-d-wrapper brz-css-wihu12 brz-wrapper\">\n<div class=\"brz-line brz-line-default brz-css-d-line brz-css-fgoeiv\" data-brz-custom-id=\"abaavzodousccgmieectexuuxaorsbftymzg\">\n<hr class=\"brz-hr\"><\/div>\n<\/div>\n<\/div>\n<\/div>\n<\/section>\n<section id=\"incvuvjbpakdannqcffkcwfnkfugtucmodbh_incvuvjbpakdannqcffkcwfnkfugtucmodbh\" class=\"brz-section brz-css-d-section brz-css-571duq\">\n<div class=\"brz-section__content brz-section--boxed brz-css-d-sectionitem-bg brz-css-xgz0d\" data-brz-custom-id=\"hqvgaoyxbfmeisouibdvaxqfwqwnmeyamqma\">\n<div class=\"brz-bg\">\n<div class=\"brz-bg-image\"><\/div>\n<\/div>\n<div class=\"brz-container brz-css-d-sectionitem-container brz-css-18mg1yc\">\n<div id=\"\" class=\"brz-css-d-wrapper brz-css-1m4snmq brz-wrapper\">\n<div class=\"brz-rich-text brz-rich-text__custom brz-css-d-richtext brz-css-2i4wru\" data-brz-custom-id=\"vTJaMLQfO3Pk\">\n<div data-brz-translate-text=\"1\">\n<p class=\"brz-fs-lg-16 brz-fw-lg-400 brz-ft-google brz-ff-playfair_display brz-tp-lg-empty brz-fsft-lg-0 brz-fwdth-lg-100 brz-vfw-lg-400 brz-lh-lg-1_9 brz-ls-lg-0 brz-fss-lg-px brz-bcp-color3,color7 brz-css-hWoG0\" data-generated-css=\"brz-css-cUeY9,brz-css-w1Og1,brz-css-bdbtL,brz-css-qrML9,brz-css-qylTU,brz-css-aHfe9,brz-css-tzy2r\" data-uniq-id=\"vhjDS,a2Hpd,nNsuR,lLQqC,cV539,kMXMr,rQscz\"><span class=\"brz-cp-color7\">El Congresu Internacional de Filolox\u00eda y Cultura Asturianes (antig\u00fces Xornaes Internacionales d\u2019Estudiu) ye l\u2019activid\u00e1 d\u2019intercamb\u00e9u de producci\u00f3n investigadora con m\u00e1s antig\u00fced\u00e1 nel \u00e1mbitu de la filolox\u00eda asturiana y una de les que m\u00e1s ediciones cuenta dientro del espaciu cient\u00edficu de la roman\u00edstica. Cel\u00e9brense na Facult\u00e1 de Filosof\u00eda y Lletres de la Universid\u00e1 d\u2019Uvi\u00e9u y tienen tres d\u00edes de duraci\u00f3n. <\/span><\/p>\n<p class=\"brz-fs-lg-16 brz-fw-lg-400 brz-ft-google brz-ff-playfair_display brz-tp-lg-empty brz-fsft-lg-0 brz-fwdth-lg-100 brz-vfw-lg-400 brz-lh-lg-1_9 brz-ls-lg-0 brz-fss-lg-px brz-bcp-color3,color7 brz-css-rvarh\" data-generated-css=\"brz-css-cUeY9,brz-css-w1Og1,brz-css-bdbtL,brz-css-qrML9,brz-css-qylTU,brz-css-aHfe9,brz-css-tzy2r\" data-uniq-id=\"vhjDS,a2Hpd,nNsuR,lLQqC,cV539,kMXMr,rQscz\"><\/p>\n<p class=\"brz-fs-lg-16 brz-fw-lg-400 brz-ft-google brz-ff-playfair_display brz-tp-lg-empty brz-fsft-lg-0 brz-fwdth-lg-100 brz-vfw-lg-400 brz-lh-lg-1_9 brz-ls-lg-0 brz-fss-lg-px brz-bcp-color3,color7 brz-css-tjSRy\" data-generated-css=\"brz-css-cUeY9,brz-css-w1Og1,brz-css-bdbtL,brz-css-qrML9,brz-css-qylTU,brz-css-aHfe9,brz-css-tzy2r\" data-uniq-id=\"vhjDS,a2Hpd,nNsuR,lLQqC,cV539,kMXMr,rQscz\"><span class=\"brz-cp-color7\">La so finalid\u00e1 ye amosar y coneutar los estudios d\u2019asturian\u00edstica al travi\u00e9s d\u2019un programa de ponencies, comunicaciones y presentaciones que s\u2019anueva tolos a\u00f1os y que, dacuando, tien un enfoque monogr\u00e1ficu. Esti Congresu Internacional ye, asina, el result\u00e1u d\u2019acomu\u00f1ar el trabayu que t\u00e1n desenvolviendo munches persones dende disciplines estremaes pero complementaries, na investigaci\u00f3n de les lletres asturianes, seya d\u2019un xeitu espec\u00edficu o, bien, comparativu.<\/span><\/p>\n<p class=\"brz-fs-lg-16 brz-fw-lg-400 brz-ft-google brz-ff-playfair_display brz-tp-lg-empty brz-fsft-lg-0 brz-fwdth-lg-100 brz-vfw-lg-400 brz-lh-lg-1_9 brz-ls-lg-0 brz-fss-lg-px brz-bcp-color3,color7 brz-css-qjFxG\" data-generated-css=\"brz-css-cUeY9,brz-css-w1Og1,brz-css-bdbtL,brz-css-qrML9,brz-css-qylTU,brz-css-aHfe9,brz-css-tzy2r\" data-uniq-id=\"vhjDS,a2Hpd,nNsuR,lLQqC,cV539,kMXMr,rQscz\"><\/p>\n<p class=\"brz-fs-lg-16 brz-fw-lg-400 brz-ft-google brz-ff-playfair_display brz-tp-lg-empty brz-fsft-lg-0 brz-fwdth-lg-100 brz-vfw-lg-400 brz-lh-lg-1_9 brz-ls-lg-0 brz-fss-lg-px brz-bcp-color3,color7 brz-css-iudwZ\" data-generated-css=\"brz-css-cUeY9,brz-css-w1Og1,brz-css-bdbtL,brz-css-qrML9,brz-css-qylTU,brz-css-aHfe9,brz-css-tzy2r\" data-uniq-id=\"vhjDS,a2Hpd,nNsuR,lLQqC,cV539,kMXMr,rQscz\"><span class=\"brz-cp-color7\">El Congresu Internacional de Filolox\u00eda y Cultura Asturianes (CIFCA) real\u00edzase gracies a la collaboraci\u00f3n de la Universid\u00e1 d\u2019Uvi\u00e9u, al travi\u00e9s del Alcuerdu Espec\u00edficu d\u2019Actividaes que tolos a\u00f1os robla cola Academia de la Llingua Asturiana.<\/span><\/p>\n<p class=\"brz-fs-lg-16 brz-fw-lg-400 brz-ft-google brz-ff-playfair_display brz-tp-lg-empty brz-fsft-lg-0 brz-fwdth-lg-100 brz-vfw-lg-400 brz-lh-lg-1_9 brz-ls-lg-0 brz-fss-lg-px brz-bcp-color3,color7 brz-css-lxZUU\" data-generated-css=\"brz-css-cUeY9,brz-css-w1Og1,brz-css-bdbtL,brz-css-qrML9,brz-css-qylTU,brz-css-aHfe9,brz-css-tzy2r\" data-uniq-id=\"vhjDS,a2Hpd,nNsuR,lLQqC,cV539,kMXMr,rQscz\"><\/p>\n<p class=\"brz-fs-lg-16 brz-fw-lg-400 brz-ft-google brz-ff-playfair_display brz-tp-lg-empty brz-fsft-lg-0 brz-fwdth-lg-100 brz-vfw-lg-400 brz-lh-lg-1_9 brz-ls-lg-0 brz-fss-lg-px brz-bcp-color7 brz-text-lg-left brz-css-bV7sK\" data-generated-css=\"brz-css-tzy2r\" data-uniq-id=\"rQscz\"><span class=\"brz-cp-color7\">Direici\u00f3n: Ana Mar\u00eda Cano Gonz\u00e1lez y Mar\u00eda del Carmen Mu\u00f1iz Cach\u00f3n.<\/span><\/p>\n<p class=\"brz-fs-lg-20 brz-ft-google brz-ff-playfair_display brz-tp-lg-empty brz-fsft-lg-0 brz-fwdth-lg-100 brz-vfw-lg-400 brz-lh-lg-1_9 brz-ls-lg-0 brz-fw-lg-700 brz-fss-lg-px brz-bcp-color3 brz-text-lg-center brz-css-uBVcl\" data-generated-css=\"brz-css-gv11U\" data-uniq-id=\"hipG1\"><\/p>\n<\/div>\n<\/div>\n<\/div>\n<div id=\"\" class=\"brz-css-d-wrapper brz-css-1a5o1ry brz-wrapper\">\n<div class=\"brz-line brz-line-default brz-css-d-line\" data-brz-custom-id=\"ek1lSOaFNGdD\">\n<hr class=\"brz-hr\"><\/div>\n<\/div>\n<div id=\"\" class=\"brz-css-d-wrapper brz-css-1j24llc brz-wrapper\">\n<div class=\"brz-rich-text brz-rich-text__custom brz-css-d-richtext brz-css-42rt5i\" data-brz-custom-id=\"wm_qXNijOUbL\">\n<div data-brz-translate-text=\"1\">\n<p class=\"brz-bcp-color3 brz-text-lg-left brz-tp-lg-empty brz-ff-playfair_display brz-ft-google brz-fs-lg-34 brz-fss-lg-px brz-fw-lg-700 brz-ls-lg-0 brz-lh-lg-1_9 brz-vfw-lg-400 brz-fwdth-lg-100 brz-fsft-lg-0 brz-css-sQIoB\" data-generated-css=\"brz-css-jx6U2\" data-uniq-id=\"vmtyJ\"><span style=\"color: rgba(var(--brz-global-color3),1);\" class=\"brz-capitalize-on brz-cp-color3\">Vinientes<\/span><\/p>\n<\/div>\n<\/div>\n<\/div>\n<div class=\"brz-row__container brz-css-d-row-row brz-css-9s8juw\" data-brz-custom-id=\"vyvazjfxsrpqxgpcrdooeykfidrvtvvpwfle\">\n<div class=\"brz-row brz-css-d-row-container brz-css-a6l1gv\">\n<div class=\"brz-columns brz-css-d-column-column brz-css-ot1gr4\" data-brz-custom-id=\"agrhzfluqyafiwvtrusyulbdecquvxbxgzta\">\n<div class=\"brz-column__items brz-css-d-column-bg brz-css-1vfyiuq\">\n<div id=\"\" class=\"brz-css-d-wrapper brz-css-13zorr7 brz-wrapper\">\n<div class=\"brz-image brz-css-d-image-hxrv8wedo6qa-parent brz-css-6zz7yi\" data-brz-custom-id=\"hxrv8WEDo6Qa\"><picture class=\"brz-picture brz-d-block brz-p-relative brz-css-d-image-hxrv8wedo6qa-picture brz-css-9bq623\"><source srcset=\"https:\/\/alladixital.org\/wp-content\/uploads\/brizy\/imgs\/cifca-2026-cartel-web-417x590x0x6x417x584x1785918053.jpg 1x, https:\/\/alladixital.org\/?brizy_media=wp-f57b1a6fce1d92d5696888968f2e6e12.jpg&amp;brizy_crop=iW%3D834%26iH%3D1180%26oX%3D0%26oY%3D12%26cW%3D834%26cH%3D1168 2x\" media=\"(min-width: 992px)\"><source srcset=\"https:\/\/alladixital.org\/?brizy_media=wp-f57b1a6fce1d92d5696888968f2e6e12.jpg&amp;brizy_crop=iW%3D252%26iH%3D357%26oX%3D0%26oY%3D4%26cW%3D252%26cH%3D353 1x, https:\/\/alladixital.org\/?brizy_media=wp-f57b1a6fce1d92d5696888968f2e6e12.jpg&amp;brizy_crop=iW%3D504%26iH%3D714%26oX%3D0%26oY%3D8%26cW%3D504%26cH%3D706 2x\" media=\"(min-width: 768px)\"><img decoding=\"async\" class=\"brz-img\" srcset=\"https:\/\/alladixital.org\/wp-content\/uploads\/brizy\/imgs\/cifca-2026-cartel-web-161x228x0x2x161x226x1785918053.jpg 1x, https:\/\/alladixital.org\/?brizy_media=wp-f57b1a6fce1d92d5696888968f2e6e12.jpg&amp;brizy_crop=iW%3D322%26iH%3D456%26oX%3D0%26oY%3D4%26cW%3D322%26cH%3D452 2x\" src=\"https:\/\/alladixital.org\/wp-content\/uploads\/brizy\/imgs\/cifca-2026-cartel-web-417x590x0x6x417x584x1785918053.jpg\" loading=\"lazy\" alt=\"{{brizy_dc_image_alt imageSrc=\"wp-f57b1a6fce1d92d5696888968f2e6e12.jpg\"}}\" title=\"\" draggable=\"false\"><\/picture><\/div>\n<\/div>\n<\/div>\n<\/div>\n<div class=\"brz-columns brz-css-d-column-column brz-css-1d1xhyq\" data-brz-custom-id=\"ktb2I0GpOHXI\">\n<div class=\"brz-column__items brz-css-d-column-bg brz-css-nn2uju\">\n<div id=\"\" class=\"brz-css-d-wrapper brz-css-r-wrapper brz-css-k8etq0 brz-wrapper\">\n<div class=\"brz-spacer brz-css-d-spacer brz-css-1b12y0e\"><\/div>\n<\/div>\n<\/div>\n<\/div>\n<div class=\"brz-columns brz-css-d-column-column brz-css-jcgesf\" data-brz-custom-id=\"w1q3WlJo9qEm\">\n<div class=\"brz-column__items brz-css-d-column-bg brz-css-gzkd8k\">\n<div id=\"\" class=\"brz-css-d-wrapper brz-css-11867gv brz-wrapper\">\n<div class=\"brz-rich-text brz-rich-text__custom brz-css-d-richtext brz-css-16fnd47\" data-brz-custom-id=\"jCNZbxMgT1Nv\">\n<div data-brz-translate-text=\"1\">\n<p class=\"brz-text-lg-left brz-fs-lg-16 brz-lh-lg-1_9 brz-ls-lg-0 brz-fw-lg-400 brz-fss-lg-px brz-ft-google brz-ff-playfair_display brz-tp-lg-empty brz-css-b5uww\" data-generated-css=\"brz-css-k2vs8\" data-uniq-id=\"dR6ou\"><span class=\"brz-cp-color7\" style=\"opacity: 1;\">Pr\u00e9stanos anunciar que&#8217;l \u00abXLIV Congresu Internacional de Filolox\u00eda y Cultura Asturianes (CIFCA)\u00bb va llevase alantre los d\u00edes 3, 4 y 5 de payares del 2026. El so programa, como tolos a\u00f1os, va xuntar actividaes de formatu estrem\u00e1u: conferencies, presentaciones, conversaciones lliteraries y comunicaciones. <\/span><\/p>\n<p class=\"brz-text-lg-left brz-fs-lg-16 brz-lh-lg-1_9 brz-ls-lg-0 brz-fw-lg-400 brz-fss-lg-px brz-ft-google brz-ff-playfair_display brz-tp-lg-empty brz-css-l5kLQ\" data-generated-css=\"brz-css-qXYFW\" data-uniq-id=\"tpl0h\"><span class=\"brz-cp-color7\" style=\"opacity: 1;\"> <\/span><\/p>\n<p class=\"brz-text-lg-left brz-tp-lg-empty brz-ff-playfair_display brz-ft-google brz-fs-lg-16 brz-fss-lg-px brz-fw-lg-400 brz-ls-lg-0 brz-lh-lg-1_9 brz-vfw-lg-400 brz-fwdth-lg-100 brz-fsft-lg-0 brz-css-yt88i\" data-generated-css=\"brz-css-wIzkO\" data-uniq-id=\"tFg_f\"><span class=\"brz-cp-color7\" style=\"opacity: 1;\">Am\u00e1s, angua\u00f1o, ta previsto que la xornada del xueves 5 acueya un monogr\u00e1ficu sobre&#8217;l piesllu del proyeutu internacional d&#8217;investigaci\u00f3n <\/span><em class=\"brz-cp-color7 brz-italic-true\" style=\"opacity: 1;\">Patronymica Romanica<\/em><span class=\"brz-cp-color7\" style=\"opacity: 1;\"> (PatRom), depu\u00e9s de cuatro d\u00e9cades de xera filol\u00f3xica onde la ciencia asturiana, al travi\u00e9s de la Universid\u00e1 d&#8217;Uvi\u00e9u y l&#8217;Academia de la Llingua Asturiana, tuvo un papel destac\u00e1u. <\/span><strong class=\"brz-cp-color7 brz-capitalize-on\" style=\"opacity: 1; color: rgb(102, 102, 102);\"> <\/strong><\/p>\n<\/div>\n<\/div>\n<\/div>\n<\/div>\n<\/div>\n<\/div>\n<\/div>\n<div id=\"\" class=\"brz-css-d-wrapper brz-css-ya2pjx brz-wrapper\">\n<div class=\"brz-line brz-line-default brz-css-d-line\" data-brz-custom-id=\"pI2ochBhZj_b\">\n<hr class=\"brz-hr\"><\/div>\n<\/div>\n<\/div>\n<\/div>\n<\/section><\/div>\n<p><!-- version:1785924377 --><\/p>\n","protected":false},"excerpt":{"rendered":"<p>XLIV Congresu Internacional de Filolox\u00eda y Cultura asturianes (CIFCA) [Antig\u00fces xornaes internacionales d&#8217;estudiu] El Congresu Internacional de Filolox\u00eda y Cultura Asturianes (antig\u00fces Xornaes Internacionales d\u2019Estudiu) ye l\u2019activid\u00e1 d\u2019intercamb\u00e9u de producci\u00f3n &hellip; <\/p>\n<p class=\"link-more\"><a href=\"https:\/\/alladixital.org\/eon\/cifca\/\" class=\"more-link\">Continue reading<span class=\"screen-reader-text\"> &#8220;XLIII Xornaes Internaciones d&#8217;Estudiu&#8221;<\/span><\/a><\/p>\n","protected":false},"author":1,"featured_media":0,"parent":0,"menu_order":0,"comment_status":"closed","ping_status":"closed","template":"brizy-blank-template.php","meta":{"_acf_changed":false,"footnotes":""},"class_list":["post-39763","page","type-page","status-publish","hentry"],"acf":[],"yoast_head":"<!-- This site is optimized with the Yoast SEO plugin v26.7 - https:\/\/yoast.com\/wordpress\/plugins\/seo\/ -->\n<title>XLIII Xornaes Internaciones d&#8217;Estudiu - Academia de la Llingua Asturiana<\/title>\n<meta name=\"robots\" content=\"index, follow, max-snippet:-1, max-image-preview:large, max-video-preview:-1\" \/>\n<link rel=\"canonical\" href=\"https:\/\/alladixital.org\/eon\/cifca\/\" \/>\n<meta property=\"og:locale\" content=\"eo_EO\" \/>\n<meta property=\"og:type\" content=\"article\" \/>\n<meta property=\"og:title\" content=\"XLIII Xornaes Internaciones d&#8217;Estudiu - Academia de la Llingua Asturiana\" \/>\n<meta property=\"og:description\" content=\"XLIV Congresu Internacional de Filolox\u00eda y Cultura asturianes (CIFCA) [Antig\u00fces xornaes internacionales d&#8217;estudiu] El Congresu Internacional de Filolox\u00eda y Cultura Asturianes (antig\u00fces Xornaes Internacionales d\u2019Estudiu) ye l\u2019activid\u00e1 d\u2019intercamb\u00e9u de producci\u00f3n &hellip; Continue reading &quot;XLIII Xornaes Internaciones d&#8217;Estudiu&quot;\" \/>\n<meta property=\"og:url\" content=\"https:\/\/alladixital.org\/eon\/cifca\/\" \/>\n<meta property=\"og:site_name\" content=\"Academia de la Llingua Asturiana\" \/>\n<meta property=\"article:publisher\" content=\"https:\/\/www.facebook.com\/AcademiadelaLlinguaAsturiana\/\" \/>\n<meta property=\"article:modified_time\" content=\"2026-09-04T09:12:27+00:00\" \/>\n<meta property=\"og:image\" content=\"https:\/\/alladixital.org\/wp-content\/uploads\/brizy\/imgs\/cifca-2026-cartel-web-417x590x0x6x417x584x1785918053.jpg\" \/>\n<meta name=\"twitter:card\" content=\"summary_large_image\" \/>\n<meta name=\"twitter:site\" content=\"@ALLA_ast\" \/>\n<script type=\"application\/ld+json\" class=\"yoast-schema-graph\">{\"@context\":\"https:\/\/schema.org\",\"@graph\":[{\"@type\":\"WebPage\",\"@id\":\"https:\/\/alladixital.org\/eon\/cifca\/\",\"url\":\"https:\/\/alladixital.org\/eon\/cifca\/\",\"name\":\"XLIII Xornaes Internaciones d&#8217;Estudiu - Academia de la Llingua Asturiana\",\"isPartOf\":{\"@id\":\"https:\/\/alladixital.org\/#website\"},\"primaryImageOfPage\":{\"@id\":\"https:\/\/alladixital.org\/eon\/cifca\/#primaryimage\"},\"image\":{\"@id\":\"https:\/\/alladixital.org\/eon\/cifca\/#primaryimage\"},\"thumbnailUrl\":\"https:\/\/alladixital.org\/wp-content\/uploads\/brizy\/imgs\/cifca-2026-cartel-web-417x590x0x6x417x584x1785918053.jpg\",\"datePublished\":\"2025-09-29T15:48:35+00:00\",\"dateModified\":\"2026-09-04T09:12:27+00:00\",\"breadcrumb\":{\"@id\":\"https:\/\/alladixital.org\/eon\/cifca\/#breadcrumb\"},\"inLanguage\":\"eon-EON\",\"potentialAction\":[{\"@type\":\"ReadAction\",\"target\":[\"https:\/\/alladixital.org\/eon\/cifca\/\"]}]},{\"@type\":\"ImageObject\",\"inLanguage\":\"eon-EON\",\"@id\":\"https:\/\/alladixital.org\/eon\/cifca\/#primaryimage\",\"url\":\"https:\/\/alladixital.org\/wp-content\/uploads\/brizy\/imgs\/cifca-2026-cartel-web-417x590x0x6x417x584x1785918053.jpg\",\"contentUrl\":\"https:\/\/alladixital.org\/wp-content\/uploads\/brizy\/imgs\/cifca-2026-cartel-web-417x590x0x6x417x584x1785918053.jpg\"},{\"@type\":\"BreadcrumbList\",\"@id\":\"https:\/\/alladixital.org\/eon\/cifca\/#breadcrumb\",\"itemListElement\":[{\"@type\":\"ListItem\",\"position\":1,\"name\":\"Portada\",\"item\":\"https:\/\/alladixital.org\/eon\/\"},{\"@type\":\"ListItem\",\"position\":2,\"name\":\"XLIII Xornaes Internaciones d&#8217;Estudiu\"}]},{\"@type\":\"WebSite\",\"@id\":\"https:\/\/alladixital.org\/#website\",\"url\":\"https:\/\/alladixital.org\/\",\"name\":\"Academia de la Llingua Asturiana\",\"description\":\"ALLA\",\"publisher\":{\"@id\":\"https:\/\/alladixital.org\/#organization\"},\"potentialAction\":[{\"@type\":\"SearchAction\",\"target\":{\"@type\":\"EntryPoint\",\"urlTemplate\":\"https:\/\/alladixital.org\/?s={search_term_string}\"},\"query-input\":{\"@type\":\"PropertyValueSpecification\",\"valueRequired\":true,\"valueName\":\"search_term_string\"}}],\"inLanguage\":\"eon-EON\"},{\"@type\":\"Organization\",\"@id\":\"https:\/\/alladixital.org\/#organization\",\"name\":\"Academia de la Llingua Asturiana\",\"url\":\"https:\/\/alladixital.org\/\",\"logo\":{\"@type\":\"ImageObject\",\"inLanguage\":\"eon-EON\",\"@id\":\"https:\/\/alladixital.org\/#\/schema\/logo\/image\/\",\"url\":\"https:\/\/alladixital.org\/wp-content\/uploads\/2022\/08\/logo_LLINGUA_280_V3.jpg\",\"contentUrl\":\"https:\/\/alladixital.org\/wp-content\/uploads\/2022\/08\/logo_LLINGUA_280_V3.jpg\",\"width\":1064,\"height\":1096,\"caption\":\"Academia de la Llingua Asturiana\"},\"image\":{\"@id\":\"https:\/\/alladixital.org\/#\/schema\/logo\/image\/\"},\"sameAs\":[\"https:\/\/www.facebook.com\/AcademiadelaLlinguaAsturiana\/\",\"https:\/\/x.com\/ALLA_ast\"]}]}<\/script>\n<!-- \/ Yoast SEO plugin. -->","yoast_head_json":{"title":"XLIII Xornaes Internaciones d&#8217;Estudiu - Academia de la Llingua Asturiana","robots":{"index":"index","follow":"follow","max-snippet":"max-snippet:-1","max-image-preview":"max-image-preview:large","max-video-preview":"max-video-preview:-1"},"canonical":"https:\/\/alladixital.org\/eon\/cifca\/","og_locale":"eo_EO","og_type":"article","og_title":"XLIII Xornaes Internaciones d&#8217;Estudiu - Academia de la Llingua Asturiana","og_description":"XLIV Congresu Internacional de Filolox\u00eda y Cultura asturianes (CIFCA) [Antig\u00fces xornaes internacionales d&#8217;estudiu] El Congresu Internacional de Filolox\u00eda y Cultura Asturianes (antig\u00fces Xornaes Internacionales d\u2019Estudiu) ye l\u2019activid\u00e1 d\u2019intercamb\u00e9u de producci\u00f3n &hellip; Continue reading \"XLIII Xornaes Internaciones d&#8217;Estudiu\"","og_url":"https:\/\/alladixital.org\/eon\/cifca\/","og_site_name":"Academia de la Llingua Asturiana","article_publisher":"https:\/\/www.facebook.com\/AcademiadelaLlinguaAsturiana\/","article_modified_time":"2026-09-04T09:12:27+00:00","og_image":[{"url":"https:\/\/alladixital.org\/wp-content\/uploads\/brizy\/imgs\/cifca-2026-cartel-web-417x590x0x6x417x584x1785918053.jpg","type":"","width":"","height":""}],"twitter_card":"summary_large_image","twitter_site":"@ALLA_ast","schema":{"@context":"https:\/\/schema.org","@graph":[{"@type":"WebPage","@id":"https:\/\/alladixital.org\/eon\/cifca\/","url":"https:\/\/alladixital.org\/eon\/cifca\/","name":"XLIII Xornaes Internaciones d&#8217;Estudiu - Academia de la Llingua Asturiana","isPartOf":{"@id":"https:\/\/alladixital.org\/#website"},"primaryImageOfPage":{"@id":"https:\/\/alladixital.org\/eon\/cifca\/#primaryimage"},"image":{"@id":"https:\/\/alladixital.org\/eon\/cifca\/#primaryimage"},"thumbnailUrl":"https:\/\/alladixital.org\/wp-content\/uploads\/brizy\/imgs\/cifca-2026-cartel-web-417x590x0x6x417x584x1785918053.jpg","datePublished":"2025-09-29T15:48:35+00:00","dateModified":"2026-09-04T09:12:27+00:00","breadcrumb":{"@id":"https:\/\/alladixital.org\/eon\/cifca\/#breadcrumb"},"inLanguage":"eon-EON","potentialAction":[{"@type":"ReadAction","target":["https:\/\/alladixital.org\/eon\/cifca\/"]}]},{"@type":"ImageObject","inLanguage":"eon-EON","@id":"https:\/\/alladixital.org\/eon\/cifca\/#primaryimage","url":"https:\/\/alladixital.org\/wp-content\/uploads\/brizy\/imgs\/cifca-2026-cartel-web-417x590x0x6x417x584x1785918053.jpg","contentUrl":"https:\/\/alladixital.org\/wp-content\/uploads\/brizy\/imgs\/cifca-2026-cartel-web-417x590x0x6x417x584x1785918053.jpg"},{"@type":"BreadcrumbList","@id":"https:\/\/alladixital.org\/eon\/cifca\/#breadcrumb","itemListElement":[{"@type":"ListItem","position":1,"name":"Portada","item":"https:\/\/alladixital.org\/eon\/"},{"@type":"ListItem","position":2,"name":"XLIII Xornaes Internaciones d&#8217;Estudiu"}]},{"@type":"WebSite","@id":"https:\/\/alladixital.org\/#website","url":"https:\/\/alladixital.org\/","name":"Academia de la Llingua Asturiana","description":"ALLA","publisher":{"@id":"https:\/\/alladixital.org\/#organization"},"potentialAction":[{"@type":"SearchAction","target":{"@type":"EntryPoint","urlTemplate":"https:\/\/alladixital.org\/?s={search_term_string}"},"query-input":{"@type":"PropertyValueSpecification","valueRequired":true,"valueName":"search_term_string"}}],"inLanguage":"eon-EON"},{"@type":"Organization","@id":"https:\/\/alladixital.org\/#organization","name":"Academia de la Llingua Asturiana","url":"https:\/\/alladixital.org\/","logo":{"@type":"ImageObject","inLanguage":"eon-EON","@id":"https:\/\/alladixital.org\/#\/schema\/logo\/image\/","url":"https:\/\/alladixital.org\/wp-content\/uploads\/2022\/08\/logo_LLINGUA_280_V3.jpg","contentUrl":"https:\/\/alladixital.org\/wp-content\/uploads\/2022\/08\/logo_LLINGUA_280_V3.jpg","width":1064,"height":1096,"caption":"Academia de la Llingua Asturiana"},"image":{"@id":"https:\/\/alladixital.org\/#\/schema\/logo\/image\/"},"sameAs":["https:\/\/www.facebook.com\/AcademiadelaLlinguaAsturiana\/","https:\/\/x.com\/ALLA_ast"]}]}},"brizy_media":[],"_links":{"self":[{"href":"https:\/\/alladixital.org\/eon\/wp-json\/wp\/v2\/pages\/39763","targetHints":{"allow":["GET"]}}],"collection":[{"href":"https:\/\/alladixital.org\/eon\/wp-json\/wp\/v2\/pages"}],"about":[{"href":"https:\/\/alladixital.org\/eon\/wp-json\/wp\/v2\/types\/page"}],"author":[{"embeddable":true,"href":"https:\/\/alladixital.org\/eon\/wp-json\/wp\/v2\/users\/1"}],"replies":[{"embeddable":true,"href":"https:\/\/alladixital.org\/eon\/wp-json\/wp\/v2\/comments?post=39763"}],"version-history":[{"count":3,"href":"https:\/\/alladixital.org\/eon\/wp-json\/wp\/v2\/pages\/39763\/revisions"}],"predecessor-version":[{"id":43995,"href":"https:\/\/alladixital.org\/eon\/wp-json\/wp\/v2\/pages\/39763\/revisions\/43995"}],"wp:attachment":[{"href":"https:\/\/alladixital.org\/eon\/wp-json\/wp\/v2\/media?parent=39763"}],"curies":[{"name":"wp","href":"https:\/\/api.w.org\/{rel}","templated":true}]}}